{"id":577,"date":"2025-03-12T11:17:28","date_gmt":"2025-03-12T11:17:28","guid":{"rendered":"https:\/\/www.comarcadelaranda.com\/?page_id=577"},"modified":"2025-03-22T16:12:04","modified_gmt":"2025-03-22T15:12:04","slug":"noticias-comarca-del-aranda","status":"publish","type":"page","link":"https:\/\/www.comarcadelaranda.com\/index.php\/noticias-comarca-del-aranda\/","title":{"rendered":"Noticias Comarca del Aranda"},"content":{"rendered":"\t\t<div data-elementor-type=\"wp-page\" data-elementor-id=\"577\" class=\"elementor elementor-577\" data-elementor-post-type=\"page\">\n\t\t\t\t\t\t<section class=\"elementor-section elementor-top-section elementor-element elementor-element-6ad96f0c elementor-reverse-tablet elementor-reverse-mobile elementor-section-boxed elementor-section-height-default elementor-section-height-default\" data-id=\"6ad96f0c\" data-element_type=\"section\">\n\t\t\t\t\t\t<div class=\"elementor-container elementor-column-gap-default\">\n\t\t\t\t\t<div class=\"elementor-column elementor-col-100 elementor-top-column elementor-element elementor-element-3b732b45\" data-id=\"3b732b45\" data-element_type=\"column\">\n\t\t\t<div class=\"elementor-widget-wrap elementor-element-populated\">\n\t\t\t\t\t\t<div class=\"elementor-element elementor-element-1888c14f elementor-widget-divider--view-line_text elementor-widget-divider--element-align-right elementor-widget elementor-widget-divider\" data-id=\"1888c14f\" data-element_type=\"widget\" data-widget_type=\"divider.default\">\n\t\t\t\t<div class=\"elementor-widget-container\">\n\t\t\t\t\t\t\t<div class=\"elementor-divider\">\n\t\t\t<span class=\"elementor-divider-separator\">\n\t\t\t\t\t\t\t<span class=\"elementor-divider__text elementor-divider__element\">\n\t\t\t\tNo te pierdas nada de la Comarca del Aranda\t\t\t\t<\/span>\n\t\t\t\t\t\t<\/span>\n\t\t<\/div>\n\t\t\t\t\t\t<\/div>\n\t\t\t\t<\/div>\n\t\t\t\t<div class=\"elementor-element elementor-element-be051d8 elementor-widget__width-inherit elementor-widget-tablet__width-inherit elementor-widget-mobile__width-inherit elementor-widget elementor-widget-heading\" data-id=\"be051d8\" data-element_type=\"widget\" data-widget_type=\"heading.default\">\n\t\t\t\t<div class=\"elementor-widget-container\">\n\t\t\t\t\t<h1 class=\"elementor-heading-title elementor-size-default\">\u00daltimas noticias<\/h1>\t\t\t\t<\/div>\n\t\t\t\t<\/div>\n\t\t\t\t<div class=\"elementor-element elementor-element-584702c9 elementor-grid-3 elementor-grid-tablet-2 elementor-grid-mobile-1 elementor-posts--thumbnail-top elementor-card-shadow-yes elementor-posts__hover-gradient elementor-widget elementor-widget-posts\" data-id=\"584702c9\" data-element_type=\"widget\" data-settings=\"{&quot;pagination_type&quot;:&quot;prev_next&quot;,&quot;cards_columns&quot;:&quot;3&quot;,&quot;cards_columns_tablet&quot;:&quot;2&quot;,&quot;cards_columns_mobile&quot;:&quot;1&quot;,&quot;cards_row_gap&quot;:{&quot;unit&quot;:&quot;px&quot;,&quot;size&quot;:35,&quot;sizes&quot;:[]},&quot;cards_row_gap_tablet&quot;:{&quot;unit&quot;:&quot;px&quot;,&quot;size&quot;:&quot;&quot;,&quot;sizes&quot;:[]},&quot;cards_row_gap_mobile&quot;:{&quot;unit&quot;:&quot;px&quot;,&quot;size&quot;:&quot;&quot;,&quot;sizes&quot;:[]}}\" data-widget_type=\"posts.cards\">\n\t\t\t\t<div class=\"elementor-widget-container\">\n\t\t\t\t\t\t\t<div class=\"elementor-posts-container elementor-posts elementor-posts--skin-cards elementor-grid\">\n\t\t\t\t<article class=\"elementor-post elementor-grid-item post-4792 post type-post status-publish format-standard has-post-thumbnail hentry category-uncategorized\">\n\t\t\t<div class=\"elementor-post__card\">\n\t\t\t\t<a class=\"elementor-post__thumbnail__link\" href=\"https:\/\/www.comarcadelaranda.com\/index.php\/2026\/04\/28\/acto-de-constitucion-del-consejo-de-infancia-y-adolescencia-en-illueca\/\" tabindex=\"-1\" ><div class=\"elementor-post__thumbnail\"><img fetchpriority=\"high\" decoding=\"async\" width=\"300\" height=\"212\" src=\"https:\/\/www.comarcadelaranda.com\/wp-content\/uploads\/2026\/04\/Infancia-C-300x212.jpg\" class=\"attachment-medium size-medium wp-image-4793\" alt=\"\" srcset=\"https:\/\/www.comarcadelaranda.com\/wp-content\/uploads\/2026\/04\/Infancia-C-300x212.jpg 300w, https:\/\/www.comarcadelaranda.com\/wp-content\/uploads\/2026\/04\/Infancia-C-1024x724.jpg 1024w, https:\/\/www.comarcadelaranda.com\/wp-content\/uploads\/2026\/04\/Infancia-C-768x543.jpg 768w, https:\/\/www.comarcadelaranda.com\/wp-content\/uploads\/2026\/04\/Infancia-C-1536x1085.jpg 1536w, https:\/\/www.comarcadelaranda.com\/wp-content\/uploads\/2026\/04\/Infancia-C.jpg 1755w\" sizes=\"(max-width: 300px) 100vw, 300px\" \/><\/div><\/a>\n\t\t\t\t<div class=\"elementor-post__text\">\n\t\t\t\t<h3 class=\"elementor-post__title\">\n\t\t\t<a href=\"https:\/\/www.comarcadelaranda.com\/index.php\/2026\/04\/28\/acto-de-constitucion-del-consejo-de-infancia-y-adolescencia-en-illueca\/\" >\n\t\t\t\tActo de Constituci\u00f3n del Consejo de Infancia y Adolescencia en Illueca\t\t\t<\/a>\n\t\t<\/h3>\n\t\t\t\t\t<div class=\"elementor-post__read-more-wrapper\">\n\t\t\n\t\t<a class=\"elementor-post__read-more\" href=\"https:\/\/www.comarcadelaranda.com\/index.php\/2026\/04\/28\/acto-de-constitucion-del-consejo-de-infancia-y-adolescencia-en-illueca\/\" aria-label=\"M\u00e1s informaci\u00f3n sobre Acto de Constituci\u00f3n del Consejo de Infancia y Adolescencia en Illueca\" tabindex=\"-1\" >\n\t\t\tLeer Noticia \u00bb\t\t<\/a>\n\n\t\t\t\t\t<\/div>\n\t\t\t\t<\/div>\n\t\t\t\t<div class=\"elementor-post__meta-data\">\n\t\t\t\t\t<span class=\"elementor-post-date\">\n\t\t\t28\/04\/2026\t\t<\/span>\n\t\t\t\t<span class=\"elementor-post-avatar\">\n\t\t\tNo hay comentarios\t\t<\/span>\n\t\t\t\t<\/div>\n\t\t\t\t\t<\/div>\n\t\t<\/article>\n\t\t\t\t<article class=\"elementor-post elementor-grid-item post-4771 post type-post status-publish format-standard has-post-thumbnail hentry category-uncategorized\">\n\t\t\t<div class=\"elementor-post__card\">\n\t\t\t\t<a class=\"elementor-post__thumbnail__link\" href=\"https:\/\/www.comarcadelaranda.com\/index.php\/2026\/04\/27\/encuesta-ciudadana-inclusion-y-bienestar-en-la-comarca\/\" tabindex=\"-1\" ><div class=\"elementor-post__thumbnail\"><img decoding=\"async\" width=\"300\" height=\"212\" src=\"https:\/\/www.comarcadelaranda.com\/wp-content\/uploads\/2026\/04\/comarca-C-300x212.jpg\" class=\"attachment-medium size-medium wp-image-4772\" alt=\"\" srcset=\"https:\/\/www.comarcadelaranda.com\/wp-content\/uploads\/2026\/04\/comarca-C-300x212.jpg 300w, https:\/\/www.comarcadelaranda.com\/wp-content\/uploads\/2026\/04\/comarca-C-1024x724.jpg 1024w, https:\/\/www.comarcadelaranda.com\/wp-content\/uploads\/2026\/04\/comarca-C-768x543.jpg 768w, https:\/\/www.comarcadelaranda.com\/wp-content\/uploads\/2026\/04\/comarca-C-1536x1085.jpg 1536w, https:\/\/www.comarcadelaranda.com\/wp-content\/uploads\/2026\/04\/comarca-C.jpg 1755w\" sizes=\"(max-width: 300px) 100vw, 300px\" \/><\/div><\/a>\n\t\t\t\t<div class=\"elementor-post__text\">\n\t\t\t\t<h3 class=\"elementor-post__title\">\n\t\t\t<a href=\"https:\/\/www.comarcadelaranda.com\/index.php\/2026\/04\/27\/encuesta-ciudadana-inclusion-y-bienestar-en-la-comarca\/\" >\n\t\t\t\tEncuesta Ciudadana: Inclusi\u00f3n y Bienestar en la Comarca\t\t\t<\/a>\n\t\t<\/h3>\n\t\t\t\t\t<div class=\"elementor-post__read-more-wrapper\">\n\t\t\n\t\t<a class=\"elementor-post__read-more\" href=\"https:\/\/www.comarcadelaranda.com\/index.php\/2026\/04\/27\/encuesta-ciudadana-inclusion-y-bienestar-en-la-comarca\/\" aria-label=\"M\u00e1s informaci\u00f3n sobre Encuesta Ciudadana: Inclusi\u00f3n y Bienestar en la Comarca\" tabindex=\"-1\" >\n\t\t\tLeer Noticia \u00bb\t\t<\/a>\n\n\t\t\t\t\t<\/div>\n\t\t\t\t<\/div>\n\t\t\t\t<div class=\"elementor-post__meta-data\">\n\t\t\t\t\t<span class=\"elementor-post-date\">\n\t\t\t27\/04\/2026\t\t<\/span>\n\t\t\t\t<span class=\"elementor-post-avatar\">\n\t\t\tNo hay comentarios\t\t<\/span>\n\t\t\t\t<\/div>\n\t\t\t\t\t<\/div>\n\t\t<\/article>\n\t\t\t\t<article class=\"elementor-post elementor-grid-item post-4746 post type-post status-publish format-standard has-post-thumbnail hentry category-uncategorized\">\n\t\t\t<div class=\"elementor-post__card\">\n\t\t\t\t<a class=\"elementor-post__thumbnail__link\" href=\"https:\/\/www.comarcadelaranda.com\/index.php\/2026\/04\/15\/la-fundacion-cibervoluntarios-impulsa-la-formacion-digital-gratuita-en-la-comarca-del-aranda\/\" tabindex=\"-1\" ><div class=\"elementor-post__thumbnail\"><img decoding=\"async\" width=\"300\" height=\"212\" src=\"https:\/\/www.comarcadelaranda.com\/wp-content\/uploads\/2026\/04\/yoconecto-C-300x212.jpg\" class=\"attachment-medium size-medium wp-image-4747\" alt=\"\" srcset=\"https:\/\/www.comarcadelaranda.com\/wp-content\/uploads\/2026\/04\/yoconecto-C-300x212.jpg 300w, https:\/\/www.comarcadelaranda.com\/wp-content\/uploads\/2026\/04\/yoconecto-C-1024x724.jpg 1024w, https:\/\/www.comarcadelaranda.com\/wp-content\/uploads\/2026\/04\/yoconecto-C-768x543.jpg 768w, https:\/\/www.comarcadelaranda.com\/wp-content\/uploads\/2026\/04\/yoconecto-C-1536x1085.jpg 1536w, https:\/\/www.comarcadelaranda.com\/wp-content\/uploads\/2026\/04\/yoconecto-C.jpg 1755w\" sizes=\"(max-width: 300px) 100vw, 300px\" \/><\/div><\/a>\n\t\t\t\t<div class=\"elementor-post__text\">\n\t\t\t\t<h3 class=\"elementor-post__title\">\n\t\t\t<a href=\"https:\/\/www.comarcadelaranda.com\/index.php\/2026\/04\/15\/la-fundacion-cibervoluntarios-impulsa-la-formacion-digital-gratuita-en-la-comarca-del-aranda\/\" >\n\t\t\t\tLa Fundaci\u00f3n Cibervoluntarios impulsa la formaci\u00f3n digital gratuita en la Comarca del Aranda\t\t\t<\/a>\n\t\t<\/h3>\n\t\t\t\t\t<div class=\"elementor-post__read-more-wrapper\">\n\t\t\n\t\t<a class=\"elementor-post__read-more\" href=\"https:\/\/www.comarcadelaranda.com\/index.php\/2026\/04\/15\/la-fundacion-cibervoluntarios-impulsa-la-formacion-digital-gratuita-en-la-comarca-del-aranda\/\" aria-label=\"M\u00e1s informaci\u00f3n sobre La Fundaci\u00f3n Cibervoluntarios impulsa la formaci\u00f3n digital gratuita en la Comarca del Aranda\" tabindex=\"-1\" >\n\t\t\tLeer Noticia \u00bb\t\t<\/a>\n\n\t\t\t\t\t<\/div>\n\t\t\t\t<\/div>\n\t\t\t\t<div class=\"elementor-post__meta-data\">\n\t\t\t\t\t<span class=\"elementor-post-date\">\n\t\t\t15\/04\/2026\t\t<\/span>\n\t\t\t\t<span class=\"elementor-post-avatar\">\n\t\t\tNo hay comentarios\t\t<\/span>\n\t\t\t\t<\/div>\n\t\t\t\t\t<\/div>\n\t\t<\/article>\n\t\t\t\t<article class=\"elementor-post elementor-grid-item post-4722 post type-post status-publish format-standard has-post-thumbnail hentry category-uncategorized\">\n\t\t\t<div class=\"elementor-post__card\">\n\t\t\t\t<a class=\"elementor-post__thumbnail__link\" href=\"https:\/\/www.comarcadelaranda.com\/index.php\/2026\/04\/08\/memoria-y-patrimonio-jornada-de-convivencia-entre-el-consejo-de-infancia-y-la-residencia-de-mayores\/\" tabindex=\"-1\" ><div class=\"elementor-post__thumbnail\"><img loading=\"lazy\" decoding=\"async\" width=\"300\" height=\"212\" src=\"https:\/\/www.comarcadelaranda.com\/wp-content\/uploads\/2026\/04\/prueba-C-300x212.jpg\" class=\"attachment-medium size-medium wp-image-4744\" alt=\"\" srcset=\"https:\/\/www.comarcadelaranda.com\/wp-content\/uploads\/2026\/04\/prueba-C-300x212.jpg 300w, https:\/\/www.comarcadelaranda.com\/wp-content\/uploads\/2026\/04\/prueba-C-1024x724.jpg 1024w, https:\/\/www.comarcadelaranda.com\/wp-content\/uploads\/2026\/04\/prueba-C-768x543.jpg 768w, https:\/\/www.comarcadelaranda.com\/wp-content\/uploads\/2026\/04\/prueba-C-1536x1085.jpg 1536w, https:\/\/www.comarcadelaranda.com\/wp-content\/uploads\/2026\/04\/prueba-C.jpg 1755w\" sizes=\"(max-width: 300px) 100vw, 300px\" \/><\/div><\/a>\n\t\t\t\t<div class=\"elementor-post__text\">\n\t\t\t\t<h3 class=\"elementor-post__title\">\n\t\t\t<a href=\"https:\/\/www.comarcadelaranda.com\/index.php\/2026\/04\/08\/memoria-y-patrimonio-jornada-de-convivencia-entre-el-consejo-de-infancia-y-la-residencia-de-mayores\/\" >\n\t\t\t\tMemoria y Patrimonio: Jornada de convivencia entre el Consejo de Infancia y la Residencia de Mayores\t\t\t<\/a>\n\t\t<\/h3>\n\t\t\t\t\t<div class=\"elementor-post__read-more-wrapper\">\n\t\t\n\t\t<a class=\"elementor-post__read-more\" href=\"https:\/\/www.comarcadelaranda.com\/index.php\/2026\/04\/08\/memoria-y-patrimonio-jornada-de-convivencia-entre-el-consejo-de-infancia-y-la-residencia-de-mayores\/\" aria-label=\"M\u00e1s informaci\u00f3n sobre Memoria y Patrimonio: Jornada de convivencia entre el Consejo de Infancia y la Residencia de Mayores\" tabindex=\"-1\" >\n\t\t\tLeer Noticia \u00bb\t\t<\/a>\n\n\t\t\t\t\t<\/div>\n\t\t\t\t<\/div>\n\t\t\t\t<div class=\"elementor-post__meta-data\">\n\t\t\t\t\t<span class=\"elementor-post-date\">\n\t\t\t08\/04\/2026\t\t<\/span>\n\t\t\t\t<span class=\"elementor-post-avatar\">\n\t\t\tNo hay comentarios\t\t<\/span>\n\t\t\t\t<\/div>\n\t\t\t\t\t<\/div>\n\t\t<\/article>\n\t\t\t\t<article class=\"elementor-post elementor-grid-item post-4364 post type-post status-publish format-standard has-post-thumbnail hentry category-uncategorized\">\n\t\t\t<div class=\"elementor-post__card\">\n\t\t\t\t<a class=\"elementor-post__thumbnail__link\" href=\"https:\/\/www.comarcadelaranda.com\/index.php\/2026\/04\/06\/talleres-de-envejecimiento-activo-en-la-comarca-del-aranda\/\" tabindex=\"-1\" ><div class=\"elementor-post__thumbnail\"><img loading=\"lazy\" decoding=\"async\" width=\"300\" height=\"212\" src=\"https:\/\/www.comarcadelaranda.com\/wp-content\/uploads\/2026\/03\/Envejecimiento-abril-C-300x212.jpg\" class=\"attachment-medium size-medium wp-image-4663\" alt=\"\" srcset=\"https:\/\/www.comarcadelaranda.com\/wp-content\/uploads\/2026\/03\/Envejecimiento-abril-C-300x212.jpg 300w, https:\/\/www.comarcadelaranda.com\/wp-content\/uploads\/2026\/03\/Envejecimiento-abril-C-1024x724.jpg 1024w, https:\/\/www.comarcadelaranda.com\/wp-content\/uploads\/2026\/03\/Envejecimiento-abril-C-768x543.jpg 768w, https:\/\/www.comarcadelaranda.com\/wp-content\/uploads\/2026\/03\/Envejecimiento-abril-C-1536x1085.jpg 1536w, https:\/\/www.comarcadelaranda.com\/wp-content\/uploads\/2026\/03\/Envejecimiento-abril-C.jpg 1755w\" sizes=\"(max-width: 300px) 100vw, 300px\" \/><\/div><\/a>\n\t\t\t\t<div class=\"elementor-post__text\">\n\t\t\t\t<h3 class=\"elementor-post__title\">\n\t\t\t<a href=\"https:\/\/www.comarcadelaranda.com\/index.php\/2026\/04\/06\/talleres-de-envejecimiento-activo-en-la-comarca-del-aranda\/\" >\n\t\t\t\tTalleres de envejecimiento Activo en la Comarca del Aranda\t\t\t<\/a>\n\t\t<\/h3>\n\t\t\t\t\t<div class=\"elementor-post__read-more-wrapper\">\n\t\t\n\t\t<a class=\"elementor-post__read-more\" href=\"https:\/\/www.comarcadelaranda.com\/index.php\/2026\/04\/06\/talleres-de-envejecimiento-activo-en-la-comarca-del-aranda\/\" aria-label=\"M\u00e1s informaci\u00f3n sobre Talleres de envejecimiento Activo en la Comarca del Aranda\" tabindex=\"-1\" >\n\t\t\tLeer Noticia \u00bb\t\t<\/a>\n\n\t\t\t\t\t<\/div>\n\t\t\t\t<\/div>\n\t\t\t\t<div class=\"elementor-post__meta-data\">\n\t\t\t\t\t<span class=\"elementor-post-date\">\n\t\t\t06\/04\/2026\t\t<\/span>\n\t\t\t\t<span class=\"elementor-post-avatar\">\n\t\t\tNo hay comentarios\t\t<\/span>\n\t\t\t\t<\/div>\n\t\t\t\t\t<\/div>\n\t\t<\/article>\n\t\t\t\t<article class=\"elementor-post elementor-grid-item post-4563 post type-post status-publish format-standard has-post-thumbnail hentry category-uncategorized\">\n\t\t\t<div class=\"elementor-post__card\">\n\t\t\t\t<a class=\"elementor-post__thumbnail__link\" href=\"https:\/\/www.comarcadelaranda.com\/index.php\/2026\/03\/17\/clausura-del-programa-de-atencion-sociosanitaria-en-la-comarca-del-aranda\/\" tabindex=\"-1\" ><div class=\"elementor-post__thumbnail\"><img loading=\"lazy\" decoding=\"async\" width=\"300\" height=\"212\" src=\"https:\/\/www.comarcadelaranda.com\/wp-content\/uploads\/2026\/03\/Clausura-1-C-300x212.jpg\" class=\"attachment-medium size-medium wp-image-4564\" alt=\"\" srcset=\"https:\/\/www.comarcadelaranda.com\/wp-content\/uploads\/2026\/03\/Clausura-1-C-300x212.jpg 300w, https:\/\/www.comarcadelaranda.com\/wp-content\/uploads\/2026\/03\/Clausura-1-C-1024x724.jpg 1024w, https:\/\/www.comarcadelaranda.com\/wp-content\/uploads\/2026\/03\/Clausura-1-C-768x543.jpg 768w, https:\/\/www.comarcadelaranda.com\/wp-content\/uploads\/2026\/03\/Clausura-1-C-1536x1085.jpg 1536w, https:\/\/www.comarcadelaranda.com\/wp-content\/uploads\/2026\/03\/Clausura-1-C.jpg 1755w\" sizes=\"(max-width: 300px) 100vw, 300px\" \/><\/div><\/a>\n\t\t\t\t<div class=\"elementor-post__text\">\n\t\t\t\t<h3 class=\"elementor-post__title\">\n\t\t\t<a href=\"https:\/\/www.comarcadelaranda.com\/index.php\/2026\/03\/17\/clausura-del-programa-de-atencion-sociosanitaria-en-la-comarca-del-aranda\/\" >\n\t\t\t\tClausura del Programa de Atenci\u00f3n Sociosanitaria en la Comarca del Aranda\t\t\t<\/a>\n\t\t<\/h3>\n\t\t\t\t\t<div class=\"elementor-post__read-more-wrapper\">\n\t\t\n\t\t<a class=\"elementor-post__read-more\" href=\"https:\/\/www.comarcadelaranda.com\/index.php\/2026\/03\/17\/clausura-del-programa-de-atencion-sociosanitaria-en-la-comarca-del-aranda\/\" aria-label=\"M\u00e1s informaci\u00f3n sobre Clausura del Programa de Atenci\u00f3n Sociosanitaria en la Comarca del Aranda\" tabindex=\"-1\" >\n\t\t\tLeer Noticia \u00bb\t\t<\/a>\n\n\t\t\t\t\t<\/div>\n\t\t\t\t<\/div>\n\t\t\t\t<div class=\"elementor-post__meta-data\">\n\t\t\t\t\t<span class=\"elementor-post-date\">\n\t\t\t17\/03\/2026\t\t<\/span>\n\t\t\t\t<span class=\"elementor-post-avatar\">\n\t\t\tNo hay comentarios\t\t<\/span>\n\t\t\t\t<\/div>\n\t\t\t\t\t<\/div>\n\t\t<\/article>\n\t\t\t\t<article class=\"elementor-post elementor-grid-item post-4522 post type-post status-publish format-standard has-post-thumbnail hentry category-uncategorized\">\n\t\t\t<div class=\"elementor-post__card\">\n\t\t\t\t<a class=\"elementor-post__thumbnail__link\" href=\"https:\/\/www.comarcadelaranda.com\/index.php\/2026\/03\/13\/curso-monitor-a-de-tiempo-libre-2026\/\" tabindex=\"-1\" ><div class=\"elementor-post__thumbnail\"><img loading=\"lazy\" decoding=\"async\" width=\"300\" height=\"223\" src=\"https:\/\/www.comarcadelaranda.com\/wp-content\/uploads\/2026\/03\/MTL2026-C-1-300x223.webp\" class=\"attachment-medium size-medium wp-image-4524\" alt=\"\" srcset=\"https:\/\/www.comarcadelaranda.com\/wp-content\/uploads\/2026\/03\/MTL2026-C-1-300x223.webp 300w, https:\/\/www.comarcadelaranda.com\/wp-content\/uploads\/2026\/03\/MTL2026-C-1-768x570.webp 768w, https:\/\/www.comarcadelaranda.com\/wp-content\/uploads\/2026\/03\/MTL2026-C-1.webp 1024w\" sizes=\"(max-width: 300px) 100vw, 300px\" \/><\/div><\/a>\n\t\t\t\t<div class=\"elementor-post__text\">\n\t\t\t\t<h3 class=\"elementor-post__title\">\n\t\t\t<a href=\"https:\/\/www.comarcadelaranda.com\/index.php\/2026\/03\/13\/curso-monitor-a-de-tiempo-libre-2026\/\" >\n\t\t\t\tCURSO MONITOR\/A DE TIEMPO LIBRE 2026\t\t\t<\/a>\n\t\t<\/h3>\n\t\t\t\t\t<div class=\"elementor-post__read-more-wrapper\">\n\t\t\n\t\t<a class=\"elementor-post__read-more\" href=\"https:\/\/www.comarcadelaranda.com\/index.php\/2026\/03\/13\/curso-monitor-a-de-tiempo-libre-2026\/\" aria-label=\"M\u00e1s informaci\u00f3n sobre CURSO MONITOR\/A DE TIEMPO LIBRE 2026\" tabindex=\"-1\" >\n\t\t\tLeer Noticia \u00bb\t\t<\/a>\n\n\t\t\t\t\t<\/div>\n\t\t\t\t<\/div>\n\t\t\t\t<div class=\"elementor-post__meta-data\">\n\t\t\t\t\t<span class=\"elementor-post-date\">\n\t\t\t13\/03\/2026\t\t<\/span>\n\t\t\t\t<span class=\"elementor-post-avatar\">\n\t\t\tNo hay comentarios\t\t<\/span>\n\t\t\t\t<\/div>\n\t\t\t\t\t<\/div>\n\t\t<\/article>\n\t\t\t\t<article class=\"elementor-post elementor-grid-item post-4409 post type-post status-publish format-standard has-post-thumbnail hentry category-uncategorized\">\n\t\t\t<div class=\"elementor-post__card\">\n\t\t\t\t<a class=\"elementor-post__thumbnail__link\" href=\"https:\/\/www.comarcadelaranda.com\/index.php\/2026\/03\/09\/nueva-programacion-de-formacion-del-instituto-aragones-de-la-mujer\/\" tabindex=\"-1\" ><div class=\"elementor-post__thumbnail\"><img loading=\"lazy\" decoding=\"async\" width=\"300\" height=\"212\" src=\"https:\/\/www.comarcadelaranda.com\/wp-content\/uploads\/2026\/03\/Logo-emprendimiento-C-300x212.jpg\" class=\"attachment-medium size-medium wp-image-4410\" alt=\"\" srcset=\"https:\/\/www.comarcadelaranda.com\/wp-content\/uploads\/2026\/03\/Logo-emprendimiento-C-300x212.jpg 300w, https:\/\/www.comarcadelaranda.com\/wp-content\/uploads\/2026\/03\/Logo-emprendimiento-C-1024x724.jpg 1024w, https:\/\/www.comarcadelaranda.com\/wp-content\/uploads\/2026\/03\/Logo-emprendimiento-C-768x543.jpg 768w, https:\/\/www.comarcadelaranda.com\/wp-content\/uploads\/2026\/03\/Logo-emprendimiento-C-1536x1085.jpg 1536w, https:\/\/www.comarcadelaranda.com\/wp-content\/uploads\/2026\/03\/Logo-emprendimiento-C.jpg 1755w\" sizes=\"(max-width: 300px) 100vw, 300px\" \/><\/div><\/a>\n\t\t\t\t<div class=\"elementor-post__text\">\n\t\t\t\t<h3 class=\"elementor-post__title\">\n\t\t\t<a href=\"https:\/\/www.comarcadelaranda.com\/index.php\/2026\/03\/09\/nueva-programacion-de-formacion-del-instituto-aragones-de-la-mujer\/\" >\n\t\t\t\tNueva programaci\u00f3n de formaci\u00f3n del Instituto Aragon\u00e9s de la Mujer\t\t\t<\/a>\n\t\t<\/h3>\n\t\t\t\t\t<div class=\"elementor-post__read-more-wrapper\">\n\t\t\n\t\t<a class=\"elementor-post__read-more\" href=\"https:\/\/www.comarcadelaranda.com\/index.php\/2026\/03\/09\/nueva-programacion-de-formacion-del-instituto-aragones-de-la-mujer\/\" aria-label=\"M\u00e1s informaci\u00f3n sobre Nueva programaci\u00f3n de formaci\u00f3n del Instituto Aragon\u00e9s de la Mujer\" tabindex=\"-1\" >\n\t\t\tLeer Noticia \u00bb\t\t<\/a>\n\n\t\t\t\t\t<\/div>\n\t\t\t\t<\/div>\n\t\t\t\t<div class=\"elementor-post__meta-data\">\n\t\t\t\t\t<span class=\"elementor-post-date\">\n\t\t\t09\/03\/2026\t\t<\/span>\n\t\t\t\t<span class=\"elementor-post-avatar\">\n\t\t\tNo hay comentarios\t\t<\/span>\n\t\t\t\t<\/div>\n\t\t\t\t\t<\/div>\n\t\t<\/article>\n\t\t\t\t<article class=\"elementor-post elementor-grid-item post-4347 post type-post status-publish format-standard has-post-thumbnail hentry category-uncategorized\">\n\t\t\t<div class=\"elementor-post__card\">\n\t\t\t\t<a class=\"elementor-post__thumbnail__link\" href=\"https:\/\/www.comarcadelaranda.com\/index.php\/2026\/02\/27\/buscamos-voluntarios-a-partir-de-12-anos-en-la-residencia-de-mayores\/\" tabindex=\"-1\" ><div class=\"elementor-post__thumbnail\"><img loading=\"lazy\" decoding=\"async\" width=\"300\" height=\"212\" src=\"https:\/\/www.comarcadelaranda.com\/wp-content\/uploads\/2026\/02\/Voluntariado-residencia-de-mayores-C-300x212.jpg\" class=\"attachment-medium size-medium wp-image-4348\" alt=\"\" srcset=\"https:\/\/www.comarcadelaranda.com\/wp-content\/uploads\/2026\/02\/Voluntariado-residencia-de-mayores-C-300x212.jpg 300w, https:\/\/www.comarcadelaranda.com\/wp-content\/uploads\/2026\/02\/Voluntariado-residencia-de-mayores-C-1024x724.jpg 1024w, https:\/\/www.comarcadelaranda.com\/wp-content\/uploads\/2026\/02\/Voluntariado-residencia-de-mayores-C-768x543.jpg 768w, https:\/\/www.comarcadelaranda.com\/wp-content\/uploads\/2026\/02\/Voluntariado-residencia-de-mayores-C-1536x1085.jpg 1536w, https:\/\/www.comarcadelaranda.com\/wp-content\/uploads\/2026\/02\/Voluntariado-residencia-de-mayores-C.jpg 1755w\" sizes=\"(max-width: 300px) 100vw, 300px\" \/><\/div><\/a>\n\t\t\t\t<div class=\"elementor-post__text\">\n\t\t\t\t<h3 class=\"elementor-post__title\">\n\t\t\t<a href=\"https:\/\/www.comarcadelaranda.com\/index.php\/2026\/02\/27\/buscamos-voluntarios-a-partir-de-12-anos-en-la-residencia-de-mayores\/\" >\n\t\t\t\t\u00a1Buscamos voluntarios! A partir de 12 a\u00f1os en la Residencia de Mayores\t\t\t<\/a>\n\t\t<\/h3>\n\t\t\t\t\t<div class=\"elementor-post__read-more-wrapper\">\n\t\t\n\t\t<a class=\"elementor-post__read-more\" href=\"https:\/\/www.comarcadelaranda.com\/index.php\/2026\/02\/27\/buscamos-voluntarios-a-partir-de-12-anos-en-la-residencia-de-mayores\/\" aria-label=\"M\u00e1s informaci\u00f3n sobre \u00a1Buscamos voluntarios! A partir de 12 a\u00f1os en la Residencia de Mayores\" tabindex=\"-1\" >\n\t\t\tLeer Noticia \u00bb\t\t<\/a>\n\n\t\t\t\t\t<\/div>\n\t\t\t\t<\/div>\n\t\t\t\t<div class=\"elementor-post__meta-data\">\n\t\t\t\t\t<span class=\"elementor-post-date\">\n\t\t\t27\/02\/2026\t\t<\/span>\n\t\t\t\t<span class=\"elementor-post-avatar\">\n\t\t\tNo hay comentarios\t\t<\/span>\n\t\t\t\t<\/div>\n\t\t\t\t\t<\/div>\n\t\t<\/article>\n\t\t\t\t<article class=\"elementor-post elementor-grid-item post-4327 post type-post status-publish format-standard has-post-thumbnail hentry category-uncategorized\">\n\t\t\t<div class=\"elementor-post__card\">\n\t\t\t\t<a class=\"elementor-post__thumbnail__link\" href=\"https:\/\/www.comarcadelaranda.com\/index.php\/2026\/02\/27\/el-nuevo-cuadro-de-horarios-de-autobus\/\" tabindex=\"-1\" ><div class=\"elementor-post__thumbnail\"><img loading=\"lazy\" decoding=\"async\" width=\"300\" height=\"212\" src=\"https:\/\/www.comarcadelaranda.com\/wp-content\/uploads\/2026\/02\/Horarios-Monbus-C-300x212.jpg\" class=\"attachment-medium size-medium wp-image-4332\" alt=\"\" srcset=\"https:\/\/www.comarcadelaranda.com\/wp-content\/uploads\/2026\/02\/Horarios-Monbus-C-300x212.jpg 300w, https:\/\/www.comarcadelaranda.com\/wp-content\/uploads\/2026\/02\/Horarios-Monbus-C-1024x724.jpg 1024w, https:\/\/www.comarcadelaranda.com\/wp-content\/uploads\/2026\/02\/Horarios-Monbus-C-768x543.jpg 768w, https:\/\/www.comarcadelaranda.com\/wp-content\/uploads\/2026\/02\/Horarios-Monbus-C-1536x1085.jpg 1536w, https:\/\/www.comarcadelaranda.com\/wp-content\/uploads\/2026\/02\/Horarios-Monbus-C.jpg 1755w\" sizes=\"(max-width: 300px) 100vw, 300px\" \/><\/div><\/a>\n\t\t\t\t<div class=\"elementor-post__text\">\n\t\t\t\t<h3 class=\"elementor-post__title\">\n\t\t\t<a href=\"https:\/\/www.comarcadelaranda.com\/index.php\/2026\/02\/27\/el-nuevo-cuadro-de-horarios-de-autobus\/\" >\n\t\t\t\tEL NUEVO CUADRO DE HORARIOS DE AUTOBUSES\t\t\t<\/a>\n\t\t<\/h3>\n\t\t\t\t\t<div class=\"elementor-post__read-more-wrapper\">\n\t\t\n\t\t<a class=\"elementor-post__read-more\" href=\"https:\/\/www.comarcadelaranda.com\/index.php\/2026\/02\/27\/el-nuevo-cuadro-de-horarios-de-autobus\/\" aria-label=\"M\u00e1s informaci\u00f3n sobre EL NUEVO CUADRO DE HORARIOS DE AUTOBUSES\" tabindex=\"-1\" >\n\t\t\tLeer Noticia \u00bb\t\t<\/a>\n\n\t\t\t\t\t<\/div>\n\t\t\t\t<\/div>\n\t\t\t\t<div class=\"elementor-post__meta-data\">\n\t\t\t\t\t<span class=\"elementor-post-date\">\n\t\t\t27\/02\/2026\t\t<\/span>\n\t\t\t\t<span class=\"elementor-post-avatar\">\n\t\t\tNo hay comentarios\t\t<\/span>\n\t\t\t\t<\/div>\n\t\t\t\t\t<\/div>\n\t\t<\/article>\n\t\t\t\t<article class=\"elementor-post elementor-grid-item post-4306 post type-post status-publish format-standard has-post-thumbnail hentry category-uncategorized\">\n\t\t\t<div class=\"elementor-post__card\">\n\t\t\t\t<a class=\"elementor-post__thumbnail__link\" href=\"https:\/\/www.comarcadelaranda.com\/index.php\/2026\/02\/27\/mujeres-rurales-de-aragon\/\" tabindex=\"-1\" ><div class=\"elementor-post__thumbnail\"><img loading=\"lazy\" decoding=\"async\" width=\"300\" height=\"212\" src=\"https:\/\/www.comarcadelaranda.com\/wp-content\/uploads\/2026\/02\/plantilla-c-mujeres-rurales-1-300x212.jpg\" class=\"attachment-medium size-medium wp-image-4309\" alt=\"\" srcset=\"https:\/\/www.comarcadelaranda.com\/wp-content\/uploads\/2026\/02\/plantilla-c-mujeres-rurales-1-300x212.jpg 300w, https:\/\/www.comarcadelaranda.com\/wp-content\/uploads\/2026\/02\/plantilla-c-mujeres-rurales-1-1024x724.jpg 1024w, https:\/\/www.comarcadelaranda.com\/wp-content\/uploads\/2026\/02\/plantilla-c-mujeres-rurales-1-768x543.jpg 768w, https:\/\/www.comarcadelaranda.com\/wp-content\/uploads\/2026\/02\/plantilla-c-mujeres-rurales-1-1536x1085.jpg 1536w, https:\/\/www.comarcadelaranda.com\/wp-content\/uploads\/2026\/02\/plantilla-c-mujeres-rurales-1.jpg 1755w\" sizes=\"(max-width: 300px) 100vw, 300px\" \/><\/div><\/a>\n\t\t\t\t<div class=\"elementor-post__text\">\n\t\t\t\t<h3 class=\"elementor-post__title\">\n\t\t\t<a href=\"https:\/\/www.comarcadelaranda.com\/index.php\/2026\/02\/27\/mujeres-rurales-de-aragon\/\" >\n\t\t\t\tMUJERES RURALES DE ARAG\u00d3N\t\t\t<\/a>\n\t\t<\/h3>\n\t\t\t\t\t<div class=\"elementor-post__read-more-wrapper\">\n\t\t\n\t\t<a class=\"elementor-post__read-more\" href=\"https:\/\/www.comarcadelaranda.com\/index.php\/2026\/02\/27\/mujeres-rurales-de-aragon\/\" aria-label=\"M\u00e1s informaci\u00f3n sobre MUJERES RURALES DE ARAG\u00d3N\" tabindex=\"-1\" >\n\t\t\tLeer Noticia \u00bb\t\t<\/a>\n\n\t\t\t\t\t<\/div>\n\t\t\t\t<\/div>\n\t\t\t\t<div class=\"elementor-post__meta-data\">\n\t\t\t\t\t<span class=\"elementor-post-date\">\n\t\t\t27\/02\/2026\t\t<\/span>\n\t\t\t\t<span class=\"elementor-post-avatar\">\n\t\t\tNo hay comentarios\t\t<\/span>\n\t\t\t\t<\/div>\n\t\t\t\t\t<\/div>\n\t\t<\/article>\n\t\t\t\t<article class=\"elementor-post elementor-grid-item post-4284 post type-post status-publish format-standard has-post-thumbnail hentry category-uncategorized\">\n\t\t\t<div class=\"elementor-post__card\">\n\t\t\t\t<a class=\"elementor-post__thumbnail__link\" href=\"https:\/\/www.comarcadelaranda.com\/index.php\/2026\/02\/05\/aprobacion-inicial-del-reglamento-de-funcionamiento-del-consejo-de-la-infancia-y-la-adolescencia-de-la-comarca-del-aranda\/\" tabindex=\"-1\" ><div class=\"elementor-post__thumbnail\"><img loading=\"lazy\" decoding=\"async\" width=\"300\" height=\"217\" src=\"https:\/\/www.comarcadelaranda.com\/wp-content\/uploads\/2026\/02\/17-12-2025-300x217.jpg\" class=\"attachment-medium size-medium wp-image-4285\" alt=\"\" srcset=\"https:\/\/www.comarcadelaranda.com\/wp-content\/uploads\/2026\/02\/17-12-2025-300x217.jpg 300w, https:\/\/www.comarcadelaranda.com\/wp-content\/uploads\/2026\/02\/17-12-2025-1024x739.jpg 1024w, https:\/\/www.comarcadelaranda.com\/wp-content\/uploads\/2026\/02\/17-12-2025-768x554.jpg 768w, https:\/\/www.comarcadelaranda.com\/wp-content\/uploads\/2026\/02\/17-12-2025.jpg 1179w\" sizes=\"(max-width: 300px) 100vw, 300px\" \/><\/div><\/a>\n\t\t\t\t<div class=\"elementor-post__text\">\n\t\t\t\t<h3 class=\"elementor-post__title\">\n\t\t\t<a href=\"https:\/\/www.comarcadelaranda.com\/index.php\/2026\/02\/05\/aprobacion-inicial-del-reglamento-de-funcionamiento-del-consejo-de-la-infancia-y-la-adolescencia-de-la-comarca-del-aranda\/\" >\n\t\t\t\tAprobaci\u00f3n inicial del Reglamento de Funcionamiento del Consejo de la Infancia y la Adolescencia de la Comarca del Aranda\t\t\t<\/a>\n\t\t<\/h3>\n\t\t\t\t\t<div class=\"elementor-post__read-more-wrapper\">\n\t\t\n\t\t<a class=\"elementor-post__read-more\" href=\"https:\/\/www.comarcadelaranda.com\/index.php\/2026\/02\/05\/aprobacion-inicial-del-reglamento-de-funcionamiento-del-consejo-de-la-infancia-y-la-adolescencia-de-la-comarca-del-aranda\/\" aria-label=\"M\u00e1s informaci\u00f3n sobre Aprobaci\u00f3n inicial del Reglamento de Funcionamiento del Consejo de la Infancia y la Adolescencia de la Comarca del Aranda\" tabindex=\"-1\" >\n\t\t\tLeer Noticia \u00bb\t\t<\/a>\n\n\t\t\t\t\t<\/div>\n\t\t\t\t<\/div>\n\t\t\t\t<div class=\"elementor-post__meta-data\">\n\t\t\t\t\t<span class=\"elementor-post-date\">\n\t\t\t05\/02\/2026\t\t<\/span>\n\t\t\t\t<span class=\"elementor-post-avatar\">\n\t\t\tNo hay comentarios\t\t<\/span>\n\t\t\t\t<\/div>\n\t\t\t\t\t<\/div>\n\t\t<\/article>\n\t\t\t\t<\/div>\n\t\t\n\t\t\t\t<div class=\"e-load-more-anchor\" data-page=\"1\" data-max-page=\"7\" data-next-page=\"https:\/\/www.comarcadelaranda.com\/index.php\/wp-json\/wp\/v2\/pages\/577\/page\/2\/\"><\/div>\n\t\t\t\t<nav class=\"elementor-pagination\" aria-label=\"Paginaci\u00f3n\">\n\t\t\t<span class=\"page-numbers prev\">&laquo; Anterior<\/span>\n<a class=\"page-numbers next\" href=\"https:\/\/www.comarcadelaranda.com\/index.php\/wp-json\/wp\/v2\/pages\/577\/page\/2\/\">Siguiente &raquo;<\/a>\t\t<\/nav>\n\t\t\t\t\t\t<\/div>\n\t\t\t\t<\/div>\n\t\t\t\t\t<\/div>\n\t\t<\/div>\n\t\t\t\t\t<\/div>\n\t\t<\/section>\n\t\t\t\t<\/div>\n\t\t","protected":false},"excerpt":{"rendered":"<p>No te pierdas nada de la Comarca del Aranda \u00daltimas noticias<\/p>\n","protected":false},"author":1,"featured_media":0,"parent":0,"menu_order":0,"comment_status":"closed","ping_status":"closed","template":"","meta":{"site-sidebar-layout":"no-sidebar","site-content-layout":"","ast-site-content-layout":"full-width-container","site-content-style":"default","site-sidebar-style":"default","ast-global-header-display":"","ast-banner-title-visibility":"","ast-main-header-display":"","ast-hfb-above-header-display":"","ast-hfb-below-header-display":"","ast-hfb-mobile-header-display":"","site-post-title":"disabled","ast-breadcrumbs-content":"","ast-featured-img":"disabled","footer-sml-layout":"","theme-transparent-header-meta":"","adv-header-id-meta":"","stick-header-meta":"","header-above-stick-meta":"","header-main-stick-meta":"","header-below-stick-meta":"","astra-migrate-meta-layouts":"default","ast-page-background-enabled":"default","ast-page-background-meta":{"desktop":{"background-color":"var(--ast-global-color-5)","background-image":"","background-repeat":"repeat","background-position":"center center","background-size":"auto","background-attachment":"scroll","background-type":"","background-media":"","overlay-type":"","overlay-color":"","overlay-opacity":"","overlay-gradient":""},"tablet":{"background-color":"","background-image":"","background-repeat":"repeat","background-position":"center center","background-size":"auto","background-attachment":"scroll","background-type":"","background-media":"","overlay-type":"","overlay-color":"","overlay-opacity":"","overlay-gradient":""},"mobile":{"background-color":"","background-image":"","background-repeat":"repeat","background-position":"center center","background-size":"auto","background-attachment":"scroll","background-type":"","background-media":"","overlay-type":"","overlay-color":"","overlay-opacity":"","overlay-gradient":""}},"ast-content-background-meta":{"desktop":{"background-color":"var(--ast-global-color-4)","background-image":"","background-repeat":"repeat","background-position":"center center","background-size":"auto","background-attachment":"scroll","background-type":"","background-media":"","overlay-type":"","overlay-color":"","overlay-opacity":"","overlay-gradient":""},"tablet":{"background-color":"var(--ast-global-color-4)","background-image":"","background-repeat":"repeat","background-position":"center center","background-size":"auto","background-attachment":"scroll","background-type":"","background-media":"","overlay-type":"","overlay-color":"","overlay-opacity":"","overlay-gradient":""},"mobile":{"background-color":"var(--ast-global-color-4)","background-image":"","background-repeat":"repeat","background-position":"center center","background-size":"auto","background-attachment":"scroll","background-type":"","background-media":"","overlay-type":"","overlay-color":"","overlay-opacity":"","overlay-gradient":""}},"footnotes":""},"class_list":["post-577","page","type-page","status-publish","hentry"],"_links":{"self":[{"href":"https:\/\/www.comarcadelaranda.com\/index.php\/wp-json\/wp\/v2\/pages\/577","targetHints":{"allow":["GET"]}}],"collection":[{"href":"https:\/\/www.comarcadelaranda.com\/index.php\/wp-json\/wp\/v2\/pages"}],"about":[{"href":"https:\/\/www.comarcadelaranda.com\/index.php\/wp-json\/wp\/v2\/types\/page"}],"author":[{"embeddable":true,"href":"https:\/\/www.comarcadelaranda.com\/index.php\/wp-json\/wp\/v2\/users\/1"}],"replies":[{"embeddable":true,"href":"https:\/\/www.comarcadelaranda.com\/index.php\/wp-json\/wp\/v2\/comments?post=577"}],"version-history":[{"count":13,"href":"https:\/\/www.comarcadelaranda.com\/index.php\/wp-json\/wp\/v2\/pages\/577\/revisions"}],"predecessor-version":[{"id":1521,"href":"https:\/\/www.comarcadelaranda.com\/index.php\/wp-json\/wp\/v2\/pages\/577\/revisions\/1521"}],"wp:attachment":[{"href":"https:\/\/www.comarcadelaranda.com\/index.php\/wp-json\/wp\/v2\/media?parent=577"}],"curies":[{"name":"wp","href":"https:\/\/api.w.org\/{rel}","templated":true}]}}