{"id":645,"date":"2025-03-12T11:43:32","date_gmt":"2025-03-12T11:43:32","guid":{"rendered":"https:\/\/www.comarcadelaranda.com\/?page_id=645"},"modified":"2025-03-22T16:52:39","modified_gmt":"2025-03-22T15:52:39","slug":"prestaciones-del-servicio-social-de-base","status":"publish","type":"page","link":"https:\/\/www.comarcadelaranda.com\/index.php\/prestaciones-del-servicio-social-de-base\/","title":{"rendered":"Prestaciones del servicio social de base"},"content":{"rendered":"\t\t<div data-elementor-type=\"wp-page\" data-elementor-id=\"645\" class=\"elementor elementor-645\" data-elementor-post-type=\"page\">\n\t\t\t\t\t\t<section class=\"elementor-section elementor-top-section elementor-element elementor-element-d235b18 elementor-section-full_width elementor-section-height-default elementor-section-height-default\" data-id=\"d235b18\" data-element_type=\"section\">\n\t\t\t\t\t\t<div class=\"elementor-container elementor-column-gap-no\">\n\t\t\t\t\t<div class=\"elementor-column elementor-col-50 elementor-top-column elementor-element elementor-element-e642a59\" data-id=\"e642a59\" data-element_type=\"column\">\n\t\t\t<div class=\"elementor-widget-wrap elementor-element-populated\">\n\t\t\t\t\t\t<div class=\"elementor-element elementor-element-2077b02 elementor-widget__width-inherit elementor-widget-tablet__width-inherit elementor-widget-mobile__width-inherit elementor-widget elementor-widget-heading\" data-id=\"2077b02\" data-element_type=\"widget\" data-widget_type=\"heading.default\">\n\t\t\t\t<div class=\"elementor-widget-container\">\n\t\t\t\t\t<h1 class=\"elementor-heading-title elementor-size-default\">Prestaciones del Servicio Social de Base<\/h1>\t\t\t\t<\/div>\n\t\t\t\t<\/div>\n\t\t\t\t\t<\/div>\n\t\t<\/div>\n\t\t\t\t<div class=\"elementor-column elementor-col-50 elementor-top-column elementor-element elementor-element-caabd01 elementor-hidden-tablet elementor-hidden-mobile\" data-id=\"caabd01\" data-element_type=\"column\">\n\t\t\t<div class=\"elementor-widget-wrap\">\n\t\t\t\t\t\t\t<\/div>\n\t\t<\/div>\n\t\t\t\t\t<\/div>\n\t\t<\/section>\n\t\t\t\t<section class=\"elementor-section elementor-top-section elementor-element elementor-element-72f19b82 elementor-section-full_width elementor-section-height-default elementor-section-height-default\" data-id=\"72f19b82\" data-element_type=\"section\">\n\t\t\t\t\t\t<div class=\"elementor-container elementor-column-gap-default\">\n\t\t\t\t\t<div class=\"elementor-column elementor-col-100 elementor-top-column elementor-element elementor-element-232f6c58\" data-id=\"232f6c58\" data-element_type=\"column\">\n\t\t\t<div class=\"elementor-widget-wrap elementor-element-populated\">\n\t\t\t\t\t\t<section class=\"elementor-section elementor-inner-section elementor-element elementor-element-560bd062 elementor-reverse-tablet elementor-reverse-mobile elementor-section-full_width elementor-section-height-default elementor-section-height-default\" data-id=\"560bd062\" data-element_type=\"section\">\n\t\t\t\t\t\t<div class=\"elementor-container elementor-column-gap-default\">\n\t\t\t\t\t<div class=\"elementor-column elementor-col-50 elementor-inner-column elementor-element elementor-element-2d7c7f0e\" data-id=\"2d7c7f0e\" data-element_type=\"column\">\n\t\t\t<div class=\"elementor-widget-wrap elementor-element-populated\">\n\t\t\t\t\t\t<div class=\"elementor-element elementor-element-6384e00c elementor-widget__width-initial elementor-widget-mobile__width-inherit elementor-widget elementor-widget-text-editor\" data-id=\"6384e00c\" data-element_type=\"widget\" data-widget_type=\"text-editor.default\">\n\t\t\t\t<div class=\"elementor-widget-container\">\n\t\t\t\t\t\t\t\t\t<p>Desde el Centro de Servicios Sociales Comarcal se establecer\u00e1n \u00e1reas concretas de actuaci\u00f3n con identidad y programaci\u00f3n propias. Se entiende como prestaciones b\u00e1sicas el conjunto de atenciones t\u00e9cnicas, econ\u00f3micas y en especie para garantizar el ejercicio de las funciones y el logro de los objetivos de los Servicios Sociales Comunitarios.<\/p>\t\t\t\t\t\t\t\t<\/div>\n\t\t\t\t<\/div>\n\t\t\t\t<div class=\"elementor-element elementor-element-3f7cc714 elementor-widget__width-initial elementor-hidden-desktop elementor-widget elementor-widget-image\" data-id=\"3f7cc714\" data-element_type=\"widget\" data-widget_type=\"image.default\">\n\t\t\t\t<div class=\"elementor-widget-container\">\n\t\t\t\t\t\t\t\t\t\t\t\t\t\t\t<img fetchpriority=\"high\" decoding=\"async\" width=\"410\" height=\"1024\" src=\"https:\/\/www.comarcadelaranda.com\/wp-content\/uploads\/2025\/03\/Diseno-sin-titulo-410x1024.jpg\" class=\"attachment-large size-large wp-image-647\" alt=\"\" srcset=\"https:\/\/www.comarcadelaranda.com\/wp-content\/uploads\/2025\/03\/Diseno-sin-titulo-410x1024.jpg 410w, https:\/\/www.comarcadelaranda.com\/wp-content\/uploads\/2025\/03\/Diseno-sin-titulo-120x300.jpg 120w, https:\/\/www.comarcadelaranda.com\/wp-content\/uploads\/2025\/03\/Diseno-sin-titulo-768x1920.jpg 768w, https:\/\/www.comarcadelaranda.com\/wp-content\/uploads\/2025\/03\/Diseno-sin-titulo.jpg 800w\" sizes=\"(max-width: 410px) 100vw, 410px\" \/>\t\t\t\t\t\t\t\t\t\t\t\t\t\t\t<\/div>\n\t\t\t\t<\/div>\n\t\t\t\t<div class=\"elementor-element elementor-element-adc60ad elementor-widget elementor-widget-heading\" data-id=\"adc60ad\" data-element_type=\"widget\" data-widget_type=\"heading.default\">\n\t\t\t\t<div class=\"elementor-widget-container\">\n\t\t\t\t\t<h2 class=\"elementor-heading-title elementor-size-default\">Prestaciones b\u00e1sicas<\/h2>\t\t\t\t<\/div>\n\t\t\t\t<\/div>\n\t\t\t\t<div class=\"elementor-element elementor-element-71d5ff25 elementor-widget elementor-widget-heading\" data-id=\"71d5ff25\" data-element_type=\"widget\" data-widget_type=\"heading.default\">\n\t\t\t\t<div class=\"elementor-widget-container\">\n\t\t\t\t\t<h2 class=\"elementor-heading-title elementor-size-default\">Informaci\u00f3n, valoraci\u00f3n y orientaci\u00f3n.<\/h2>\t\t\t\t<\/div>\n\t\t\t\t<\/div>\n\t\t\t\t<div class=\"elementor-element elementor-element-69488e9 elementor-widget__width-initial elementor-widget-mobile__width-initial elementor-widget-tablet__width-inherit elementor-widget elementor-widget-text-editor\" data-id=\"69488e9\" data-element_type=\"widget\" data-widget_type=\"text-editor.default\">\n\t\t\t\t<div class=\"elementor-widget-container\">\n\t\t\t\t\t\t\t\t\t<p>Prestaci\u00f3n b\u00e1sica de car\u00e1cter comunitario que tiene por objeto promover la<b> igualdad<\/b> de los ciudadanos, grupos e instituciones en lo relativo al conocimiento de los derechos y recursos sociales existentes y la prevenci\u00f3n de la marginaci\u00f3n social por causa del desconocimiento de los mismos y, al mismo tiempo, favorecer la toma de conciencia de una Comunidad sobre sus problemas, e instrumentalizar los mecanismos que hagan posible su participaci\u00f3n protagonista en la b\u00fasqueda de soluciones y en la gesti\u00f3n de los servicios y \/o actividades sociales.<\/p>\t\t\t\t\t\t\t\t<\/div>\n\t\t\t\t<\/div>\n\t\t\t\t<div class=\"elementor-element elementor-element-58aba0ca elementor-widget elementor-widget-heading\" data-id=\"58aba0ca\" data-element_type=\"widget\" data-widget_type=\"heading.default\">\n\t\t\t\t<div class=\"elementor-widget-container\">\n\t\t\t\t\t<h2 class=\"elementor-heading-title elementor-size-default\">Apoyo a la unidad de convivencia y ayuda a domicilio.<\/h2>\t\t\t\t<\/div>\n\t\t\t\t<\/div>\n\t\t\t\t<div class=\"elementor-element elementor-element-428e5ce0 elementor-widget__width-initial elementor-widget-mobile__width-initial elementor-widget-tablet__width-inherit elementor-widget elementor-widget-text-editor\" data-id=\"428e5ce0\" data-element_type=\"widget\" data-widget_type=\"text-editor.default\">\n\t\t\t\t<div class=\"elementor-widget-container\">\n\t\t\t\t\t\t\t\t\t<p>El Apoyo a la Unidad de Convivencia es una prestaci\u00f3n b\u00e1sica de car\u00e1cter comunitario que tiene por objeto la realizaci\u00f3n de actuaciones de apoyo social y educativo, la intervenci\u00f3n en situaciones de riesgo, el apoyo a la estructura familiar y a la din\u00e1mica de relaci\u00f3n de la unidad de convivencia.<br \/>La Ayuda a Domicilio es una prestaci\u00f3n b\u00e1sica de car\u00e1cter comunitario dirigida a ayudar a familias o personas solas con dificultades para restablecer o mantener su bienestar f\u00edsico, social y psicol\u00f3gico, proporcion\u00e1ndoles la posibilidad de continuar en su entorno mientras sea posible y conveniente, sin eximir en ning\u00fan caso a la familia de su responsabilidad.<\/p>\t\t\t\t\t\t\t\t<\/div>\n\t\t\t\t<\/div>\n\t\t\t\t<div class=\"elementor-element elementor-element-7a64fea1 elementor-widget elementor-widget-heading\" data-id=\"7a64fea1\" data-element_type=\"widget\" data-widget_type=\"heading.default\">\n\t\t\t\t<div class=\"elementor-widget-container\">\n\t\t\t\t\t<h2 class=\"elementor-heading-title elementor-size-default\">Alojamiento alternativo.<\/h2>\t\t\t\t<\/div>\n\t\t\t\t<\/div>\n\t\t\t\t<div class=\"elementor-element elementor-element-3df69281 elementor-widget__width-initial elementor-widget-tablet__width-inherit elementor-widget elementor-widget-text-editor\" data-id=\"3df69281\" data-element_type=\"widget\" data-widget_type=\"text-editor.default\">\n\t\t\t\t<div class=\"elementor-widget-container\">\n\t\t\t\t\t\t\t\t\t<p>Prestaci\u00f3n b\u00e1sica que tiene por objeto la satisfacci\u00f3n de las necesidades b\u00e1sicas de alojamiento, higiene, alimentaci\u00f3n y convivencia con car\u00e1cter temporal de aquellas personas que carecen de ambiente familiar adecuado, suponiendo una alternativa para los mismos.<\/p>\t\t\t\t\t\t\t\t<\/div>\n\t\t\t\t<\/div>\n\t\t\t\t<div class=\"elementor-element elementor-element-63451055 elementor-widget elementor-widget-heading\" data-id=\"63451055\" data-element_type=\"widget\" data-widget_type=\"heading.default\">\n\t\t\t\t<div class=\"elementor-widget-container\">\n\t\t\t\t\t<h2 class=\"elementor-heading-title elementor-size-default\">Prevenci\u00f3n e inserci\u00f3n social.<\/h2>\t\t\t\t<\/div>\n\t\t\t\t<\/div>\n\t\t\t\t<div class=\"elementor-element elementor-element-2d771595 elementor-widget__width-initial elementor-widget-tablet__width-inherit elementor-widget elementor-widget-text-editor\" data-id=\"2d771595\" data-element_type=\"widget\" data-widget_type=\"text-editor.default\">\n\t\t\t\t<div class=\"elementor-widget-container\">\n\t\t\t\t\t\t\t\t\t<p>Prestaciones b\u00e1sicas que tienen por objeto la realizaci\u00f3n de actuaciones especificas dirigidas a grupos en situaci\u00f3n de riesgo, a sectores espec\u00edficos de poblaci\u00f3n y a problem\u00e1ticas sociales concretas para prevenir las causas que producen marginaci\u00f3n, y para facilitar la integraci\u00f3n social a individuos, familias, y grupos en situaci\u00f3n de exclusi\u00f3n.<\/p>\t\t\t\t\t\t\t\t<\/div>\n\t\t\t\t<\/div>\n\t\t\t\t<div class=\"elementor-element elementor-element-4790ed08 elementor-widget elementor-widget-heading\" data-id=\"4790ed08\" data-element_type=\"widget\" data-widget_type=\"heading.default\">\n\t\t\t\t<div class=\"elementor-widget-container\">\n\t\t\t\t\t<h2 class=\"elementor-heading-title elementor-size-default\">Programas espec\u00edficos de los servicios sociales comunitarios<\/h2>\t\t\t\t<\/div>\n\t\t\t\t<\/div>\n\t\t\t\t<div class=\"elementor-element elementor-element-3f1d9f90 elementor-widget elementor-widget-heading\" data-id=\"3f1d9f90\" data-element_type=\"widget\" data-widget_type=\"heading.default\">\n\t\t\t\t<div class=\"elementor-widget-container\">\n\t\t\t\t\t<h2 class=\"elementor-heading-title elementor-size-default\">Se considerar\u00e1n programas espec\u00edficos de los servicios sociales comunitarios, aquellas que permiten apoyar, incrementar o complementar, en su caso, las respuestas, en el primer nivel de atenci\u00f3n a las situaciones de necesidad social.<\/h2>\t\t\t\t<\/div>\n\t\t\t\t<\/div>\n\t\t\t\t<div class=\"elementor-element elementor-element-48e61ee6 elementor-widget elementor-widget-heading\" data-id=\"48e61ee6\" data-element_type=\"widget\" data-widget_type=\"heading.default\">\n\t\t\t\t<div class=\"elementor-widget-container\">\n\t\t\t\t\t<h2 class=\"elementor-heading-title elementor-size-default\">Se considerar\u00e1n las siguientes:<\/h2>\t\t\t\t<\/div>\n\t\t\t\t<\/div>\n\t\t\t\t<div class=\"elementor-element elementor-element-7bddfd66 elementor-widget elementor-widget-heading\" data-id=\"7bddfd66\" data-element_type=\"widget\" data-widget_type=\"heading.default\">\n\t\t\t\t<div class=\"elementor-widget-container\">\n\t\t\t\t\t<h2 class=\"elementor-heading-title elementor-size-default\">Fomento de la solidaridad - cooperaci\u00f3n social.<\/h2>\t\t\t\t<\/div>\n\t\t\t\t<\/div>\n\t\t\t\t<div class=\"elementor-element elementor-element-71adc411 elementor-widget__width-initial elementor-widget-mobile__width-initial elementor-widget-tablet__width-inherit elementor-widget elementor-widget-text-editor\" data-id=\"71adc411\" data-element_type=\"widget\" data-widget_type=\"text-editor.default\">\n\t\t\t\t<div class=\"elementor-widget-container\">\n\t\t\t\t\t\t\t\t\t<p>Tiene por objeto favorecer procesos de participaci\u00f3n y cooperaci\u00f3n social de las personas y colectivos de una determinada comunidad en las respuestas a sus necesidades sociales, as\u00ed como promover el voluntariado. Se hace efectiva a trav\u00e9s del Servicio de Cooperaci\u00f3n Social.<\/p>\t\t\t\t\t\t\t\t<\/div>\n\t\t\t\t<\/div>\n\t\t\t\t<div class=\"elementor-element elementor-element-2953f80b elementor-widget elementor-widget-heading\" data-id=\"2953f80b\" data-element_type=\"widget\" data-widget_type=\"heading.default\">\n\t\t\t\t<div class=\"elementor-widget-container\">\n\t\t\t\t\t<h2 class=\"elementor-heading-title elementor-size-default\">Prestaciones econ\u00f3micas de urgente necesidad y emergencia social.<\/h2>\t\t\t\t<\/div>\n\t\t\t\t<\/div>\n\t\t\t\t<div class=\"elementor-element elementor-element-25e49a29 elementor-widget__width-initial elementor-widget-mobile__width-initial elementor-widget-tablet__width-inherit elementor-widget elementor-widget-text-editor\" data-id=\"25e49a29\" data-element_type=\"widget\" data-widget_type=\"text-editor.default\">\n\t\t\t\t<div class=\"elementor-widget-container\">\n\t\t\t\t\t\t\t\t\t<p>Tienen por objeto atender, con car\u00e1cter de urgencia y a trav\u00e9s de prestaciones econ\u00f3micas necesidades sociales de signo individual y colectivo, producidas por haber sobrevenido una situaci\u00f3n de necesidad.<\/p><p><b>Cuantas otras complementen a los Servicios Sociales Comunitarios en su desarrollo funcional y en el cumplimiento de sus objetivos.<\/b><\/p>\t\t\t\t\t\t\t\t<\/div>\n\t\t\t\t<\/div>\n\t\t\t\t\t<\/div>\n\t\t<\/div>\n\t\t\t\t<div class=\"elementor-column elementor-col-50 elementor-inner-column elementor-element elementor-element-1d0bf60 elementor-hidden-mobile elementor-hidden-tablet\" data-id=\"1d0bf60\" data-element_type=\"column\">\n\t\t\t<div class=\"elementor-widget-wrap elementor-element-populated\">\n\t\t\t\t\t\t<div class=\"elementor-element elementor-element-48f41f95 elementor-widget__width-initial elementor-hidden-mobile elementor-widget elementor-widget-image\" data-id=\"48f41f95\" data-element_type=\"widget\" data-widget_type=\"image.default\">\n\t\t\t\t<div class=\"elementor-widget-container\">\n\t\t\t\t\t\t\t\t\t\t\t\t\t\t\t<img fetchpriority=\"high\" decoding=\"async\" width=\"410\" height=\"1024\" src=\"https:\/\/www.comarcadelaranda.com\/wp-content\/uploads\/2025\/03\/Diseno-sin-titulo-410x1024.jpg\" class=\"attachment-large size-large wp-image-647\" alt=\"\" srcset=\"https:\/\/www.comarcadelaranda.com\/wp-content\/uploads\/2025\/03\/Diseno-sin-titulo-410x1024.jpg 410w, https:\/\/www.comarcadelaranda.com\/wp-content\/uploads\/2025\/03\/Diseno-sin-titulo-120x300.jpg 120w, https:\/\/www.comarcadelaranda.com\/wp-content\/uploads\/2025\/03\/Diseno-sin-titulo-768x1920.jpg 768w, https:\/\/www.comarcadelaranda.com\/wp-content\/uploads\/2025\/03\/Diseno-sin-titulo.jpg 800w\" sizes=\"(max-width: 410px) 100vw, 410px\" \/>\t\t\t\t\t\t\t\t\t\t\t\t\t\t\t<\/div>\n\t\t\t\t<\/div>\n\t\t\t\t\t<\/div>\n\t\t<\/div>\n\t\t\t\t\t<\/div>\n\t\t<\/section>\n\t\t\t\t\t<\/div>\n\t\t<\/div>\n\t\t\t\t\t<\/div>\n\t\t<\/section>\n\t\t\t\t<\/div>\n\t\t","protected":false},"excerpt":{"rendered":"<p>Prestaciones del Servicio Social de Base Desde el Centro de Servicios Sociales Comarcal se establecer\u00e1n \u00e1reas concretas de actuaci\u00f3n con identidad y programaci\u00f3n propias. Se entiende como prestaciones b\u00e1sicas el [&hellip;]<\/p>\n","protected":false},"author":1,"featured_media":0,"parent":0,"menu_order":0,"comment_status":"closed","ping_status":"closed","template":"","meta":{"site-sidebar-layout":"no-sidebar","site-content-layout":"","ast-site-content-layout":"full-width-container","site-content-style":"default","site-sidebar-style":"default","ast-global-header-display":"","ast-banner-title-visibility":"","ast-main-header-display":"","ast-hfb-above-header-display":"","ast-hfb-below-header-display":"","ast-hfb-mobile-header-display":"","site-post-title":"disabled","ast-breadcrumbs-content":"","ast-featured-img":"disabled","footer-sml-layout":"","theme-transparent-header-meta":"","adv-header-id-meta":"","stick-header-meta":"","header-above-stick-meta":"","header-main-stick-meta":"","header-below-stick-meta":"","astra-migrate-meta-layouts":"default","ast-page-background-enabled":"default","ast-page-background-meta":{"desktop":{"background-color":"var(--ast-global-color-5)","background-image":"","background-repeat":"repeat","background-position":"center center","background-size":"auto","background-attachment":"scroll","background-type":"","background-media":"","overlay-type":"","overlay-color":"","overlay-opacity":"","overlay-gradient":""},"tablet":{"background-color":"","background-image":"","background-repeat":"repeat","background-position":"center center","background-size":"auto","background-attachment":"scroll","background-type":"","background-media":"","overlay-type":"","overlay-color":"","overlay-opacity":"","overlay-gradient":""},"mobile":{"background-color":"","background-image":"","background-repeat":"repeat","background-position":"center center","background-size":"auto","background-attachment":"scroll","background-type":"","background-media":"","overlay-type":"","overlay-color":"","overlay-opacity":"","overlay-gradient":""}},"ast-content-background-meta":{"desktop":{"background-color":"var(--ast-global-color-4)","background-image":"","background-repeat":"repeat","background-position":"center center","background-size":"auto","background-attachment":"scroll","background-type":"","background-media":"","overlay-type":"","overlay-color":"","overlay-opacity":"","overlay-gradient":""},"tablet":{"background-color":"var(--ast-global-color-4)","background-image":"","background-repeat":"repeat","background-position":"center center","background-size":"auto","background-attachment":"scroll","background-type":"","background-media":"","overlay-type":"","overlay-color":"","overlay-opacity":"","overlay-gradient":""},"mobile":{"background-color":"var(--ast-global-color-4)","background-image":"","background-repeat":"repeat","background-position":"center center","background-size":"auto","background-attachment":"scroll","background-type":"","background-media":"","overlay-type":"","overlay-color":"","overlay-opacity":"","overlay-gradient":""}},"footnotes":""},"class_list":["post-645","page","type-page","status-publish","hentry"],"_links":{"self":[{"href":"https:\/\/www.comarcadelaranda.com\/index.php\/wp-json\/wp\/v2\/pages\/645","targetHints":{"allow":["GET"]}}],"collection":[{"href":"https:\/\/www.comarcadelaranda.com\/index.php\/wp-json\/wp\/v2\/pages"}],"about":[{"href":"https:\/\/www.comarcadelaranda.com\/index.php\/wp-json\/wp\/v2\/types\/page"}],"author":[{"embeddable":true,"href":"https:\/\/www.comarcadelaranda.com\/index.php\/wp-json\/wp\/v2\/users\/1"}],"replies":[{"embeddable":true,"href":"https:\/\/www.comarcadelaranda.com\/index.php\/wp-json\/wp\/v2\/comments?post=645"}],"version-history":[{"count":7,"href":"https:\/\/www.comarcadelaranda.com\/index.php\/wp-json\/wp\/v2\/pages\/645\/revisions"}],"predecessor-version":[{"id":1540,"href":"https:\/\/www.comarcadelaranda.com\/index.php\/wp-json\/wp\/v2\/pages\/645\/revisions\/1540"}],"wp:attachment":[{"href":"https:\/\/www.comarcadelaranda.com\/index.php\/wp-json\/wp\/v2\/media?parent=645"}],"curies":[{"name":"wp","href":"https:\/\/api.w.org\/{rel}","templated":true}]}}